{"id":6088,"date":"2024-12-18T09:05:23","date_gmt":"2024-12-18T08:05:23","guid":{"rendered":"https:\/\/www.hotelessenza.be\/chambres\/deluxe-2\/"},"modified":"2025-03-12T17:06:00","modified_gmt":"2025-03-12T16:06:00","slug":"deluxe-plus","status":"publish","type":"page","link":"https:\/\/www.hotelessenza.be\/fr\/chambres\/deluxe-plus\/","title":{"rendered":"Deluxe +"},"content":{"rendered":"<div class=\"wpb-content-wrapper\"><p>[vc_row equal_height=\u00a0\u00bbyes\u00a0\u00bb][vc_column width=\u00a0\u00bb2\/3&Prime;][vc_column_text css=\u00a0\u00bb\u00a0\u00bb]Cette touche de luxe&#8230;[\/vc_column_text][vc_text_separator title=\u00a0\u00bbChambre deluxe plus\u00a0\u00bb title_align=\u00a0\u00bbseparator_align_left\u00a0\u00bb align=\u00a0\u00bbalign_right\u00a0\u00bb color=\u00a0\u00bbcustom\u00a0\u00bb css=\u00a0\u00bb\u00a0\u00bb el_class=\u00a0\u00bbtitle\u00a0\u00bb accent_color=\u00a0\u00bb#c9c9c9&Prime;][vc_row_inner][vc_column_inner width=\u00a0\u00bb3\/4&Prime;][vc_column_text css=\u00a0\u00bb\u00a0\u00bb]<\/p>\n<div>Vous avez le choix entre deux chambres plus spacieuses (+\/-25m\u00b2), toutes neuves et d\u00e9cor\u00e9es avec go\u00fbt. Elles disposent des \u00e9quipements suivants : caf\u00e9, th\u00e9 et eau, r\u00e9frig\u00e9rateur, climatisation, t\u00e9l\u00e9vision \u00e0 \u00e9cran large, &#8230; et d&rsquo;une terrasse priv\u00e9e. Ces chambres sont \u00e9galement situ\u00e9es au premier \u00e9tage, accessible par ascenseur.<\/div>\n<p>[\/vc_column_text][vc_column_text css=\u00a0\u00bb\u00a0\u00bb]<\/p>\n<div>\n<p><strong>Les nouveaux WC-douche<\/strong><\/p>\n<p>Nos nouvelles chambres s&rsquo;accompagnent naturellement de nouvelles salles de bains, et qui dit nouvelle salle de bains dit nouvelles toilettes. Nous avons le plaisir de vous pr\u00e9senter nos WC-douche modernes. Il s&rsquo;agit de toilettes normales, mais dot\u00e9es d&rsquo;une fonction de nettoyage int\u00e9gr\u00e9e, ce qui garantit des toilettes douces et agr\u00e9ables. Cela contribue \u00e0 accro\u00eetre le confort et la commodit\u00e9 de nos clients. Nous voulons les rendre accessibles \u00e0 tous, afin que chacun se sente bienvenu et \u00e0 l&rsquo;aise. Venez en faire l&rsquo;exp\u00e9rience !<\/p>\n<\/div>\n<p>[\/vc_column_text][\/vc_column_inner][vc_column_inner width=\u00a0\u00bb1\/4&Prime;][vc_column_text css=\u00a0\u00bb.vc_custom_1591784643577{margin-bottom: 0px !important;}\u00a0\u00bb el_class=\u00a0\u00bbfeatures\u00a0\u00bb]<i class=\"fa fa-shower\"><\/i> douche<br \/>\n<i class=\"fa fa-television\"><\/i> TV \u00e0 \u00e9cran plat<br \/>\n<i class=\"fa fa-wifi\"><\/i> wifi<br \/>\n<i class=\"fa fa-eye\"><\/i> vue ext\u00e9rieure<br \/>\n<i class=\"fa fa-phone\"><\/i> t\u00e9l\u00e9phone[\/vc_column_text][\/vc_column_inner][\/vc_row_inner][vc_row_inner gap=\u00a0\u00bb10&Prime;][vc_column_inner width=\u00a0\u00bb1\/2&Prime;][vc_column_text css=\u00a0\u00bb\u00a0\u00bb el_class=\u00a0\u00bbprijzen\u00a0\u00bb]<strong><u>Prix \/ nuit (petit d\u00e9jeuner inclus) :<br \/>\n<\/u><\/strong><\/p>\n<p>De<\/p>\n<ul>\n<li><strong>\u20ac 159 (1 personne)<\/strong><\/li>\n<li><strong>\u20ac 189 (2 personnes)<\/strong><\/li>\n<\/ul>\n<p>[\/vc_column_text][\/vc_column_inner][vc_column_inner width=\u00a0\u00bb1\/2&Prime; css=\u00a0\u00bb.vc_custom_1591785311563{margin-top: 5px !important;margin-right: 5px !important;margin-bottom: 5px !important;margin-left: 5px !important;}\u00a0\u00bb][vc_column_text css=\u00a0\u00bb\u00a0\u00bb el_class=\u00a0\u00bbprijzen\u00a0\u00bb]<strong><u>Prix + forfait :<\/u><br \/>\n<\/strong><\/p>\n<p>De<\/p>\n<ul>\n<li><strong>Studio 100:<br \/>\n\u20ac 200 (1 personne)<br \/>\n\u20ac 281 (2 personnes)<br \/>\n<\/strong><\/li>\n<li><strong>Forfait v\u00e9lo et randonn\u00e9e :<br \/>\n\u20ac 192 (1 personne)<br \/>\n\u20ac 263 (2 personnes)<br \/>\n<\/strong><\/li>\n<\/ul>\n<p>[\/vc_column_text][\/vc_column_inner][\/vc_row_inner][\/vc_column][vc_column width=\u00a0\u00bb1\/3&Prime; css=\u00a0\u00bb.vc_custom_1741795558352{margin-left: 25px !important;background-image: url(https:\/\/essenza-109ad.kxcdn.com\/wp-content\/uploads\/2025\/03\/Deluxe-01-Hotel-Essenza-1.jpg?id=6297) !important;background-position: center !important;background-repeat: no-repeat !important;background-size: cover !important;}\u00a0\u00bb el_class=\u00a0\u00bbshadowcolumn\u00a0\u00bb][\/vc_column][\/vc_row][vc_row equal_height=\u00a0\u00bbyes\u00a0\u00bb content_placement=\u00a0\u00bbmiddle\u00a0\u00bb el_class=\u00a0\u00bbmainelement\u00a0\u00bb][vc_column width=\u00a0\u00bb2\/3&Prime;][vc_media_grid css=\u00a0\u00bb\u00a0\u00bb grid_id=\u00a0\u00bbvc_gid:1741795520537-9002c39d-040d-7&Prime; include=\u00a0\u00bb6297,6289,6293,6285,6281,6277&Prime;][\/vc_column][vc_column width=\u00a0\u00bb1\/3&Prime;][vc_raw_html el_class=\u00a0\u00bbcta4&Prime;]PGJ1dHRvbiBjbGFzcz0iZGlzdHJpYnV0b3IiPlLDqXNlcnZlcjwvYnV0dG9uPg==[\/vc_raw_html][vc_raw_html]PGEgY2xhc3M9ImthbWVyc2tub3AiIGhyZWY9Ii9mci9jaGFtYnJlcy8iPsKrIFZvaXIgdG91dGVzIGxlcyBjaGFtYnJlczwvYT4=[\/vc_raw_html][\/vc_column][\/vc_row]<\/p>\n<\/div>","protected":false},"excerpt":{"rendered":"<p>[vc_row equal_height=\u00a0\u00bbyes\u00a0\u00bb][vc_column width=\u00a0\u00bb2\/3&Prime;][vc_column_text css=\u00a0\u00bb\u00a0\u00bb]Cette touche de luxe&#8230;[\/vc_column_text][vc_text_separator title=\u00a0\u00bbChambre deluxe plus\u00a0\u00bb title_align=\u00a0\u00bbseparator_align_left\u00a0\u00bb align=\u00a0\u00bbalign_right\u00a0\u00bb color=\u00a0\u00bbcustom\u00a0\u00bb css=\u00a0\u00bb\u00a0\u00bb el_class=\u00a0\u00bbtitle\u00a0\u00bb accent_color=\u00a0\u00bb#c9c9c9&Prime;][vc_row_inner][vc_column_inner width=\u00a0\u00bb3\/4&Prime;][vc_column_text css=\u00a0\u00bb\u00a0\u00bb] Vous avez le choix entre deux chambres plus spacieuses (+\/-25m\u00b2), toutes neuves et d\u00e9cor\u00e9es avec go\u00fbt. Elles disposent des \u00e9quipements suivants : caf\u00e9, th\u00e9 et eau, r\u00e9frig\u00e9rateur, climatisation, t\u00e9l\u00e9vision \u00e0 \u00e9cran large,<span class=\"excerpt-hellip\"> [\u2026]<\/span><\/p>\n","protected":false},"author":1,"featured_media":0,"parent":664,"menu_order":0,"comment_status":"closed","ping_status":"closed","template":"","meta":{"_seopress_robots_primary_cat":"","_seopress_titles_title":"","_seopress_titles_desc":"","_seopress_robots_index":"","footnotes":""},"class_list":["post-6088","page","type-page","status-publish","hentry"],"yoast_head":"<!-- This site is optimized with the Yoast SEO plugin v27.5 - https:\/\/yoast.com\/product\/yoast-seo-wordpress\/ -->\n<title>Deluxe + - Hotel Essenza<\/title>\n<meta name=\"description\" content=\"Profitez d&#039;une toute nouvelle chambre Deluxe Plus, d\u00e9cor\u00e9e avec go\u00fbt, avec terrasse priv\u00e9e et climatisation. R\u00e9servez votre s\u00e9jour \u00e0 l&#039;H\u00f4tel Essenza maintenant.\" \/>\n<meta name=\"robots\" content=\"index, follow, max-snippet:-1, max-image-preview:large, max-video-preview:-1\" \/>\n<link rel=\"canonical\" href=\"https:\/\/www.hotelessenza.be\/fr\/chambres\/deluxe-plus\/\" \/>\n<meta property=\"og:locale\" content=\"fr_FR\" \/>\n<meta property=\"og:type\" content=\"article\" \/>\n<meta property=\"og:title\" content=\"Deluxe + - Hotel Essenza\" \/>\n<meta property=\"og:description\" content=\"Profitez d&#039;une toute nouvelle chambre Deluxe Plus, d\u00e9cor\u00e9e avec go\u00fbt, avec terrasse priv\u00e9e et climatisation. R\u00e9servez votre s\u00e9jour \u00e0 l&#039;H\u00f4tel Essenza maintenant.\" \/>\n<meta property=\"og:url\" content=\"https:\/\/www.hotelessenza.be\/fr\/chambres\/deluxe-plus\/\" \/>\n<meta property=\"og:site_name\" content=\"Hotel Essenza\" \/>\n<meta property=\"article:publisher\" content=\"https:\/\/www.facebook.com\/Hotel-Essenza-527388380765946\/\" \/>\n<meta property=\"article:modified_time\" content=\"2025-03-12T16:06:00+00:00\" \/>\n<meta name=\"twitter:card\" content=\"summary_large_image\" \/>\n<meta name=\"twitter:label1\" content=\"Dur\u00e9e de lecture estim\u00e9e\" \/>\n\t<meta name=\"twitter:data1\" content=\"3 minutes\" \/>\n<script type=\"application\/ld+json\" class=\"yoast-schema-graph\">{\"@context\":\"https:\\\/\\\/schema.org\",\"@graph\":[{\"@type\":\"WebPage\",\"@id\":\"https:\\\/\\\/www.hotelessenza.be\\\/fr\\\/chambres\\\/deluxe-plus\\\/\",\"url\":\"https:\\\/\\\/www.hotelessenza.be\\\/fr\\\/chambres\\\/deluxe-plus\\\/\",\"name\":\"Deluxe + - Hotel Essenza\",\"isPartOf\":{\"@id\":\"https:\\\/\\\/www.hotelessenza.be\\\/fr\\\/#website\"},\"datePublished\":\"2024-12-18T08:05:23+00:00\",\"dateModified\":\"2025-03-12T16:06:00+00:00\",\"description\":\"Profitez d'une toute nouvelle chambre Deluxe Plus, d\u00e9cor\u00e9e avec go\u00fbt, avec terrasse priv\u00e9e et climatisation. R\u00e9servez votre s\u00e9jour \u00e0 l'H\u00f4tel Essenza maintenant.\",\"breadcrumb\":{\"@id\":\"https:\\\/\\\/www.hotelessenza.be\\\/fr\\\/chambres\\\/deluxe-plus\\\/#breadcrumb\"},\"inLanguage\":\"fr-FR\",\"potentialAction\":[{\"@type\":\"ReadAction\",\"target\":[\"https:\\\/\\\/www.hotelessenza.be\\\/fr\\\/chambres\\\/deluxe-plus\\\/\"]}]},{\"@type\":\"BreadcrumbList\",\"@id\":\"https:\\\/\\\/www.hotelessenza.be\\\/fr\\\/chambres\\\/deluxe-plus\\\/#breadcrumb\",\"itemListElement\":[{\"@type\":\"ListItem\",\"position\":1,\"name\":\"Home\",\"item\":\"https:\\\/\\\/www.hotelessenza.be\\\/fr\\\/\"},{\"@type\":\"ListItem\",\"position\":2,\"name\":\"Chambres\",\"item\":\"https:\\\/\\\/www.hotelessenza.be\\\/fr\\\/chambres\\\/\"},{\"@type\":\"ListItem\",\"position\":3,\"name\":\"Deluxe +\"}]},{\"@type\":\"WebSite\",\"@id\":\"https:\\\/\\\/www.hotelessenza.be\\\/fr\\\/#website\",\"url\":\"https:\\\/\\\/www.hotelessenza.be\\\/fr\\\/\",\"name\":\"Hotel Essenza\",\"description\":\"\",\"publisher\":{\"@id\":\"https:\\\/\\\/www.hotelessenza.be\\\/fr\\\/#organization\"},\"potentialAction\":[{\"@type\":\"SearchAction\",\"target\":{\"@type\":\"EntryPoint\",\"urlTemplate\":\"https:\\\/\\\/www.hotelessenza.be\\\/fr\\\/?s={search_term_string}\"},\"query-input\":{\"@type\":\"PropertyValueSpecification\",\"valueRequired\":true,\"valueName\":\"search_term_string\"}}],\"inLanguage\":\"fr-FR\"},{\"@type\":\"Organization\",\"@id\":\"https:\\\/\\\/www.hotelessenza.be\\\/fr\\\/#organization\",\"name\":\"Hotel Essenza\",\"url\":\"https:\\\/\\\/www.hotelessenza.be\\\/fr\\\/\",\"logo\":{\"@type\":\"ImageObject\",\"inLanguage\":\"fr-FR\",\"@id\":\"https:\\\/\\\/www.hotelessenza.be\\\/fr\\\/#\\\/schema\\\/logo\\\/image\\\/\",\"url\":\"https:\\\/\\\/www.hotelessenza.be\\\/wp-content\\\/uploads\\\/2017\\\/03\\\/logo-Essenza.png\",\"contentUrl\":\"https:\\\/\\\/www.hotelessenza.be\\\/wp-content\\\/uploads\\\/2017\\\/03\\\/logo-Essenza.png\",\"width\":293,\"height\":76,\"caption\":\"Hotel Essenza\"},\"image\":{\"@id\":\"https:\\\/\\\/www.hotelessenza.be\\\/fr\\\/#\\\/schema\\\/logo\\\/image\\\/\"},\"sameAs\":[\"https:\\\/\\\/www.facebook.com\\\/Hotel-Essenza-527388380765946\\\/\"]}]}<\/script>\n<!-- \/ Yoast SEO plugin. -->","yoast_head_json":{"title":"Deluxe + - Hotel Essenza","description":"Profitez d'une toute nouvelle chambre Deluxe Plus, d\u00e9cor\u00e9e avec go\u00fbt, avec terrasse priv\u00e9e et climatisation. R\u00e9servez votre s\u00e9jour \u00e0 l'H\u00f4tel Essenza maintenant.","robots":{"index":"index","follow":"follow","max-snippet":"max-snippet:-1","max-image-preview":"max-image-preview:large","max-video-preview":"max-video-preview:-1"},"canonical":"https:\/\/www.hotelessenza.be\/fr\/chambres\/deluxe-plus\/","og_locale":"fr_FR","og_type":"article","og_title":"Deluxe + - Hotel Essenza","og_description":"Profitez d'une toute nouvelle chambre Deluxe Plus, d\u00e9cor\u00e9e avec go\u00fbt, avec terrasse priv\u00e9e et climatisation. R\u00e9servez votre s\u00e9jour \u00e0 l'H\u00f4tel Essenza maintenant.","og_url":"https:\/\/www.hotelessenza.be\/fr\/chambres\/deluxe-plus\/","og_site_name":"Hotel Essenza","article_publisher":"https:\/\/www.facebook.com\/Hotel-Essenza-527388380765946\/","article_modified_time":"2025-03-12T16:06:00+00:00","twitter_card":"summary_large_image","twitter_misc":{"Dur\u00e9e de lecture estim\u00e9e":"3 minutes"},"schema":{"@context":"https:\/\/schema.org","@graph":[{"@type":"WebPage","@id":"https:\/\/www.hotelessenza.be\/fr\/chambres\/deluxe-plus\/","url":"https:\/\/www.hotelessenza.be\/fr\/chambres\/deluxe-plus\/","name":"Deluxe + - Hotel Essenza","isPartOf":{"@id":"https:\/\/www.hotelessenza.be\/fr\/#website"},"datePublished":"2024-12-18T08:05:23+00:00","dateModified":"2025-03-12T16:06:00+00:00","description":"Profitez d'une toute nouvelle chambre Deluxe Plus, d\u00e9cor\u00e9e avec go\u00fbt, avec terrasse priv\u00e9e et climatisation. R\u00e9servez votre s\u00e9jour \u00e0 l'H\u00f4tel Essenza maintenant.","breadcrumb":{"@id":"https:\/\/www.hotelessenza.be\/fr\/chambres\/deluxe-plus\/#breadcrumb"},"inLanguage":"fr-FR","potentialAction":[{"@type":"ReadAction","target":["https:\/\/www.hotelessenza.be\/fr\/chambres\/deluxe-plus\/"]}]},{"@type":"BreadcrumbList","@id":"https:\/\/www.hotelessenza.be\/fr\/chambres\/deluxe-plus\/#breadcrumb","itemListElement":[{"@type":"ListItem","position":1,"name":"Home","item":"https:\/\/www.hotelessenza.be\/fr\/"},{"@type":"ListItem","position":2,"name":"Chambres","item":"https:\/\/www.hotelessenza.be\/fr\/chambres\/"},{"@type":"ListItem","position":3,"name":"Deluxe +"}]},{"@type":"WebSite","@id":"https:\/\/www.hotelessenza.be\/fr\/#website","url":"https:\/\/www.hotelessenza.be\/fr\/","name":"Hotel Essenza","description":"","publisher":{"@id":"https:\/\/www.hotelessenza.be\/fr\/#organization"},"potentialAction":[{"@type":"SearchAction","target":{"@type":"EntryPoint","urlTemplate":"https:\/\/www.hotelessenza.be\/fr\/?s={search_term_string}"},"query-input":{"@type":"PropertyValueSpecification","valueRequired":true,"valueName":"search_term_string"}}],"inLanguage":"fr-FR"},{"@type":"Organization","@id":"https:\/\/www.hotelessenza.be\/fr\/#organization","name":"Hotel Essenza","url":"https:\/\/www.hotelessenza.be\/fr\/","logo":{"@type":"ImageObject","inLanguage":"fr-FR","@id":"https:\/\/www.hotelessenza.be\/fr\/#\/schema\/logo\/image\/","url":"https:\/\/essenza-109ad.kxcdn.com\/wp-content\/uploads\/2017\/03\/logo-Essenza.png","contentUrl":"https:\/\/essenza-109ad.kxcdn.com\/wp-content\/uploads\/2017\/03\/logo-Essenza.png","width":293,"height":76,"caption":"Hotel Essenza"},"image":{"@id":"https:\/\/www.hotelessenza.be\/fr\/#\/schema\/logo\/image\/"},"sameAs":["https:\/\/www.facebook.com\/Hotel-Essenza-527388380765946\/"]}]}},"_links":{"self":[{"href":"https:\/\/www.hotelessenza.be\/fr\/wp-json\/wp\/v2\/pages\/6088","targetHints":{"allow":["GET"]}}],"collection":[{"href":"https:\/\/www.hotelessenza.be\/fr\/wp-json\/wp\/v2\/pages"}],"about":[{"href":"https:\/\/www.hotelessenza.be\/fr\/wp-json\/wp\/v2\/types\/page"}],"author":[{"embeddable":true,"href":"https:\/\/www.hotelessenza.be\/fr\/wp-json\/wp\/v2\/users\/1"}],"replies":[{"embeddable":true,"href":"https:\/\/www.hotelessenza.be\/fr\/wp-json\/wp\/v2\/comments?post=6088"}],"version-history":[{"count":0,"href":"https:\/\/www.hotelessenza.be\/fr\/wp-json\/wp\/v2\/pages\/6088\/revisions"}],"up":[{"embeddable":true,"href":"https:\/\/www.hotelessenza.be\/fr\/wp-json\/wp\/v2\/pages\/664"}],"wp:attachment":[{"href":"https:\/\/www.hotelessenza.be\/fr\/wp-json\/wp\/v2\/media?parent=6088"}],"curies":[{"name":"wp","href":"https:\/\/api.w.org\/{rel}","templated":true}]}}